{"id":1107,"date":"2017-01-26T00:33:55","date_gmt":"2017-01-26T00:33:55","guid":{"rendered":"https:\/\/commons.mtholyoke.edu\/philosophyatthemuseum\/?page_id=1107"},"modified":"2017-05-02T00:27:12","modified_gmt":"2017-05-02T00:27:12","slug":"expressionism-1","status":"publish","type":"page","link":"https:\/\/commons.mtholyoke.edu\/philosophyatthemuseumspanish\/expressionism-1\/","title":{"rendered":"El Expresionismo"},"content":{"rendered":"<figure id=\"attachment_161\" aria-describedby=\"caption-attachment-161\" style=\"width: 600px\" class=\"wp-caption aligncenter\"><a href=\"https:\/\/commons.mtholyoke.edu\/philosophyatthemuseumspanish\/wp-content\/uploads\/sites\/340\/2016\/02\/Van-Gogh.jpg\"><img loading=\"lazy\" decoding=\"async\" class=\"wp-image-161\" src=\"https:\/\/commons.mtholyoke.edu\/philosophyatthemuseumspanish\/wp-content\/uploads\/sites\/340\/2016\/02\/Van-Gogh-300x236.jpg\" alt=\"Vincent Van Gogh, Bedroom in Arles, 1888, Van Gogh Museum\" width=\"600\" height=\"471\" srcset=\"https:\/\/commons.mtholyoke.edu\/philosophyatthemuseumspanish\/wp-content\/uploads\/sites\/340\/2016\/02\/Van-Gogh-300x236.jpg 300w, https:\/\/commons.mtholyoke.edu\/philosophyatthemuseumspanish\/wp-content\/uploads\/sites\/340\/2016\/02\/Van-Gogh-768x603.jpg 768w, https:\/\/commons.mtholyoke.edu\/philosophyatthemuseumspanish\/wp-content\/uploads\/sites\/340\/2016\/02\/Van-Gogh.jpg 830w\" sizes=\"auto, (max-width: 600px) 100vw, 600px\" \/><\/a><figcaption id=\"caption-attachment-161\" class=\"wp-caption-text\">Vincent Van Gogh, <em>Bedroom in Arles<\/em>, 1888, <a href=\"http:\/\/www.vangoghmuseum.nl\/en\/collection\/s0047V1962\" target=\"_blank\">Van Gogh Museum<\/a><\/figcaption><\/figure>\n<ol>\n<li><span style=\"font-weight: 400\">\u00bfQu\u00e9 caracter\u00edsticas de este cuadro lo hace diferente de una fotograf\u00eda del mismo cuarto? <\/span><\/li>\n<li><span style=\"font-weight: 400\">Al saber que es el mismo cuarto donde vivi\u00f3 Van Gogh, \u00bfle cambia su comprensi\u00f3n del cuadro?<\/span><\/li>\n<li><span style=\"font-weight: 400\">\u00bfQue deformaciones encuentra en el cuadro? <\/span><\/li>\n<li><span style=\"font-weight: 400\">\u00bfPorque piensa que Van Gogh pint\u00f3 su cuarto en una versi\u00f3n deformada? <\/span><\/li>\n<\/ol>\n<h5 style=\"text-align: right\"><a href=\"https:\/\/commons.mtholyoke.edu\/philosophyatthemuseumspanish\/expressionism-2\/\">Siguiente \u2192<\/a><\/h5>\n<p><a href=\"https:\/\/commons.mtholyoke.edu\/philosophyatthemuseumspanish\/expressionism\/\"><img loading=\"lazy\" decoding=\"async\" class=\"aligncenter wp-image-1005\" src=\"https:\/\/commons.mtholyoke.edu\/philosophyatthemuseumspanish\/wp-content\/uploads\/sites\/340\/2017\/01\/gi-e1485203830394-150x150.png\" alt=\"home\" width=\"40\" height=\"40\" srcset=\"https:\/\/commons.mtholyoke.edu\/philosophyatthemuseumspanish\/wp-content\/uploads\/sites\/340\/2017\/01\/gi-e1485203830394-150x150.png 150w, https:\/\/commons.mtholyoke.edu\/philosophyatthemuseumspanish\/wp-content\/uploads\/sites\/340\/2017\/01\/gi-e1485203830394-300x300.png 300w, https:\/\/commons.mtholyoke.edu\/philosophyatthemuseumspanish\/wp-content\/uploads\/sites\/340\/2017\/01\/gi-e1485203830394.png 500w\" sizes=\"auto, (max-width: 40px) 100vw, 40px\" \/><\/a><\/p>\n","protected":false},"excerpt":{"rendered":"<p>\u00bfQu\u00e9 caracter\u00edsticas de este cuadro lo hace diferente de una fotograf\u00eda del mismo cuarto? Al saber que es el mismo cuarto donde vivi\u00f3 Van Gogh, \u00bfle cambia su comprensi\u00f3n del cuadro? \u00bfQue deformaciones encuentra en el cuadro? \u00bfPorque piensa que Van Gogh pint\u00f3 su cuarto en una versi\u00f3n deformada? Siguiente \u2192<\/p>\n","protected":false},"author":264,"featured_media":0,"parent":0,"menu_order":0,"comment_status":"closed","ping_status":"closed","template":"","meta":{"_monsterinsights_skip_tracking":false,"footnotes":""},"class_list":["post-1107","page","type-page","status-publish","hentry"],"_links":{"self":[{"href":"https:\/\/commons.mtholyoke.edu\/philosophyatthemuseumspanish\/wp-json\/wp\/v2\/pages\/1107","targetHints":{"allow":["GET"]}}],"collection":[{"href":"https:\/\/commons.mtholyoke.edu\/philosophyatthemuseumspanish\/wp-json\/wp\/v2\/pages"}],"about":[{"href":"https:\/\/commons.mtholyoke.edu\/philosophyatthemuseumspanish\/wp-json\/wp\/v2\/types\/page"}],"author":[{"embeddable":true,"href":"https:\/\/commons.mtholyoke.edu\/philosophyatthemuseumspanish\/wp-json\/wp\/v2\/users\/264"}],"replies":[{"embeddable":true,"href":"https:\/\/commons.mtholyoke.edu\/philosophyatthemuseumspanish\/wp-json\/wp\/v2\/comments?post=1107"}],"version-history":[{"count":2,"href":"https:\/\/commons.mtholyoke.edu\/philosophyatthemuseumspanish\/wp-json\/wp\/v2\/pages\/1107\/revisions"}],"predecessor-version":[{"id":1456,"href":"https:\/\/commons.mtholyoke.edu\/philosophyatthemuseumspanish\/wp-json\/wp\/v2\/pages\/1107\/revisions\/1456"}],"wp:attachment":[{"href":"https:\/\/commons.mtholyoke.edu\/philosophyatthemuseumspanish\/wp-json\/wp\/v2\/media?parent=1107"}],"curies":[{"name":"wp","href":"https:\/\/api.w.org\/{rel}","templated":true}]}}