{"id":1113,"date":"2017-01-26T00:36:10","date_gmt":"2017-01-26T00:36:10","guid":{"rendered":"https:\/\/commons.mtholyoke.edu\/philosophyatthemuseum\/?page_id=1113"},"modified":"2017-05-02T00:30:08","modified_gmt":"2017-05-02T00:30:08","slug":"expressionism-3","status":"publish","type":"page","link":"https:\/\/commons.mtholyoke.edu\/philosophyatthemuseumspanish\/expressionism-3\/","title":{"rendered":"El Expresionismo"},"content":{"rendered":"<figure id=\"attachment_163\" aria-describedby=\"caption-attachment-163\" style=\"width: 358px\" class=\"wp-caption aligncenter\"><a href=\"https:\/\/commons.mtholyoke.edu\/philosophyatthemuseumspanish\/wp-content\/uploads\/sites\/340\/2016\/02\/de-Kooning.jpg\"><img loading=\"lazy\" decoding=\"async\" class=\"wp-image-163\" src=\"https:\/\/commons.mtholyoke.edu\/philosophyatthemuseumspanish\/wp-content\/uploads\/sites\/340\/2016\/02\/de-Kooning.jpg\" alt=\" Willem de Kooning, Woman V (1952\u201353), National Gallery of Australia\" width=\"358\" height=\"490\" srcset=\"https:\/\/commons.mtholyoke.edu\/philosophyatthemuseumspanish\/wp-content\/uploads\/sites\/340\/2016\/02\/de-Kooning.jpg 258w, https:\/\/commons.mtholyoke.edu\/philosophyatthemuseumspanish\/wp-content\/uploads\/sites\/340\/2016\/02\/de-Kooning-219x300.jpg 219w\" sizes=\"auto, (max-width: 358px) 100vw, 358px\" \/><\/a><figcaption id=\"caption-attachment-163\" class=\"wp-caption-text\">Willem de Kooning, <em>Woman V<\/em>,\u00a01952\u201353, <a href=\"http:\/\/nga.gov.au\/exhibition\/abstractexpress\/Default.cfm?IRN=47761&amp;BioArtistIRN=25281&amp;MnuID=3&amp;GalID=2&amp;ViewID=2\" target=\"_blank\">National Gallery of Australia<\/a><\/figcaption><\/figure>\n<ol>\n<li><span style=\"font-weight: 400\">\u00bfQue es el sujeto de este cuadro?<\/span><\/li>\n<li><span style=\"font-weight: 400\">\u00bfPorque piensa que est\u00e1 pintado de est\u00e1 manera extra\u00f1a?<\/span><\/li>\n<li><span style=\"font-weight: 400\">\u00bfQu\u00e9 caracter\u00edsticas de este cuadro lo hace una obra de arte abstracto y expresionismo, en su opini\u00f3n? <\/span><\/li>\n<li><span style=\"font-weight: 400\">\u00bfEs que este cuadro expresa una emoci\u00f3n? \u00bfCual(es) y c\u00f3mo lo hace?<\/span><\/li>\n<\/ol>\n<p>&nbsp;<\/p>\n<h2 style=\"text-align: right\"><a href=\"https:\/\/commons.mtholyoke.edu\/philosophyatthemuseumspanish\/unit-5-expressionism\/expressionism-philosophy-question-1\/\">Continua a: <strong>Preguntas Filos\u00f3ficas del Expresionismo<\/strong><\/a><\/h2>\n<h5><a href=\"https:\/\/commons.mtholyoke.edu\/philosophyatthemuseumspanish\/expressionism-2\/\">\u2190 Anterior<\/a><\/h5>\n<p><a href=\"https:\/\/commons.mtholyoke.edu\/philosophyatthemuseumspanish\/expressionism\/\"><img loading=\"lazy\" decoding=\"async\" class=\"aligncenter wp-image-1005\" src=\"https:\/\/commons.mtholyoke.edu\/philosophyatthemuseumspanish\/wp-content\/uploads\/sites\/340\/2017\/01\/gi-e1485203830394-150x150.png\" alt=\"home\" width=\"40\" height=\"40\" srcset=\"https:\/\/commons.mtholyoke.edu\/philosophyatthemuseumspanish\/wp-content\/uploads\/sites\/340\/2017\/01\/gi-e1485203830394-150x150.png 150w, https:\/\/commons.mtholyoke.edu\/philosophyatthemuseumspanish\/wp-content\/uploads\/sites\/340\/2017\/01\/gi-e1485203830394-300x300.png 300w, https:\/\/commons.mtholyoke.edu\/philosophyatthemuseumspanish\/wp-content\/uploads\/sites\/340\/2017\/01\/gi-e1485203830394.png 500w\" sizes=\"auto, (max-width: 40px) 100vw, 40px\" \/><\/a><\/p>\n","protected":false},"excerpt":{"rendered":"<p>\u00bfQue es el sujeto de este cuadro? \u00bfPorque piensa que est\u00e1 pintado de est\u00e1 manera extra\u00f1a? \u00bfQu\u00e9 caracter\u00edsticas de este cuadro lo hace una obra de arte abstracto y expresionismo, en su opini\u00f3n? \u00bfEs que este cuadro expresa una emoci\u00f3n? \u00bfCual(es) y c\u00f3mo lo hace? &nbsp; Continua a: Preguntas Filos\u00f3ficas del Expresionismo \u2190 Anterior<\/p>\n","protected":false},"author":264,"featured_media":0,"parent":0,"menu_order":0,"comment_status":"closed","ping_status":"closed","template":"","meta":{"_monsterinsights_skip_tracking":false,"footnotes":""},"class_list":["post-1113","page","type-page","status-publish","hentry"],"_links":{"self":[{"href":"https:\/\/commons.mtholyoke.edu\/philosophyatthemuseumspanish\/wp-json\/wp\/v2\/pages\/1113","targetHints":{"allow":["GET"]}}],"collection":[{"href":"https:\/\/commons.mtholyoke.edu\/philosophyatthemuseumspanish\/wp-json\/wp\/v2\/pages"}],"about":[{"href":"https:\/\/commons.mtholyoke.edu\/philosophyatthemuseumspanish\/wp-json\/wp\/v2\/types\/page"}],"author":[{"embeddable":true,"href":"https:\/\/commons.mtholyoke.edu\/philosophyatthemuseumspanish\/wp-json\/wp\/v2\/users\/264"}],"replies":[{"embeddable":true,"href":"https:\/\/commons.mtholyoke.edu\/philosophyatthemuseumspanish\/wp-json\/wp\/v2\/comments?post=1113"}],"version-history":[{"count":2,"href":"https:\/\/commons.mtholyoke.edu\/philosophyatthemuseumspanish\/wp-json\/wp\/v2\/pages\/1113\/revisions"}],"predecessor-version":[{"id":1460,"href":"https:\/\/commons.mtholyoke.edu\/philosophyatthemuseumspanish\/wp-json\/wp\/v2\/pages\/1113\/revisions\/1460"}],"wp:attachment":[{"href":"https:\/\/commons.mtholyoke.edu\/philosophyatthemuseumspanish\/wp-json\/wp\/v2\/media?parent=1113"}],"curies":[{"name":"wp","href":"https:\/\/api.w.org\/{rel}","templated":true}]}}