{"id":784,"date":"2016-11-02T02:45:56","date_gmt":"2016-11-02T02:45:56","guid":{"rendered":"https:\/\/commons.mtholyoke.edu\/philosophyatthemuseum\/?page_id=784"},"modified":"2017-06-22T01:19:35","modified_gmt":"2017-06-22T01:19:35","slug":"conceptual-art-philosophy-question-2","status":"publish","type":"page","link":"https:\/\/commons.mtholyoke.edu\/philosophyatthemuseumspanish\/conceptual-art-philosophy-question-2\/","title":{"rendered":"Preguntas Filos\u00f3oficas"},"content":{"rendered":"<p><a href=\"https:\/\/commons.mtholyoke.edu\/philosophyatthemuseumspanish\/conceptual-art-1\/\"><img loading=\"lazy\" decoding=\"async\" class=\"alignnone wp-image-115 size-thumbnail\" src=\"https:\/\/commons.mtholyoke.edu\/philosophyatthemuseumspanish\/wp-content\/uploads\/sites\/340\/2016\/02\/The-Treachery-of-Images-150x150.jpg\" width=\"150\" height=\"150\" \/><\/a>\u00a0 \u00a0 \u00a0\u00a0<a href=\"https:\/\/commons.mtholyoke.edu\/philosophyatthemuseumspanish\/conceptual-art-2\/\"><img loading=\"lazy\" decoding=\"async\" class=\"alignnone wp-image-116 size-thumbnail\" src=\"https:\/\/commons.mtholyoke.edu\/philosophyatthemuseumspanish\/wp-content\/uploads\/sites\/340\/2016\/02\/One-and-Three-Chairs-150x150.jpg\" width=\"150\" height=\"150\" \/><\/a>\u00a0 \u00a0 \u00a0\u00a0<a href=\"https:\/\/commons.mtholyoke.edu\/philosophyatthemuseumspanish\/conceptual-art-3\/\"><img loading=\"lazy\" decoding=\"async\" class=\"alignnone wp-image-114 size-thumbnail\" src=\"https:\/\/commons.mtholyoke.edu\/philosophyatthemuseumspanish\/wp-content\/uploads\/sites\/340\/2016\/02\/Language-Is-Not-Transparent-copy-150x150.jpg\" width=\"150\" height=\"150\" srcset=\"https:\/\/commons.mtholyoke.edu\/philosophyatthemuseumspanish\/wp-content\/uploads\/sites\/340\/2016\/02\/Language-Is-Not-Transparent-copy-150x150.jpg 150w, https:\/\/commons.mtholyoke.edu\/philosophyatthemuseumspanish\/wp-content\/uploads\/sites\/340\/2016\/02\/Language-Is-Not-Transparent-copy-300x300.jpg 300w, https:\/\/commons.mtholyoke.edu\/philosophyatthemuseumspanish\/wp-content\/uploads\/sites\/340\/2016\/02\/Language-Is-Not-Transparent-copy-768x768.jpg 768w, https:\/\/commons.mtholyoke.edu\/philosophyatthemuseumspanish\/wp-content\/uploads\/sites\/340\/2016\/02\/Language-Is-Not-Transparent-copy-1024x1024.jpg 1024w, https:\/\/commons.mtholyoke.edu\/philosophyatthemuseumspanish\/wp-content\/uploads\/sites\/340\/2016\/02\/Language-Is-Not-Transparent-copy.jpg 1200w\" sizes=\"auto, (max-width: 150px) 100vw, 150px\" \/><\/a><\/p>\n<p>2. <span style=\"font-weight: 400\">\u00bfPiensa que hay solamente un tipo de relaci\u00f3n entre <\/span><span style=\"font-weight: 400\">cosas reales, sus im\u00e1genes y lenguaje? <\/span><span style=\"font-weight: 400\">palabras e im\u00e1genes? \u00bfQu\u00e9 es? \u00bfEs que alguna de las obras lo expresa? \u00bfPiensa que el arte es el mejor modo de representar est\u00e1 relaci\u00f3n? \u00bfPiensa que el arte es el mejor m\u00e9todo de representar est\u00e1 relaci\u00f3n? \u00bfPorque o porque no?<\/span><\/p>\n<p>&nbsp;<\/p>\n<h5 style=\"text-align: right\"><a href=\"https:\/\/commons.mtholyoke.edu\/philosophyatthemuseumspanish\/conceptual-art\/conceptual-art-philosophy-question-3\/\">Proxima Pregunta \u2192<\/a><\/h5>\n<h5><a href=\"https:\/\/commons.mtholyoke.edu\/philosophyatthemuseumspanish\/conceptual-art\/conceptual-art-philosophy-question-1\/\">\u2190 Anterior<\/a><\/h5>\n<p>&nbsp;<\/p>\n<h6><a href=\"https:\/\/commons.mtholyoke.edu\/philosophyatthemuseumspanish\/wp-content\/uploads\/sites\/340\/2016\/02\/Philosophy-@-The-Virtual-Art-Museum-Arte-Conceptual-SPANISH.pdf\">Haz clic aqu\u00ed para obtener la versi\u00f3n de est\u00e1 secci\u00f3n para imprimir.<\/a><\/h6>\n","protected":false},"excerpt":{"rendered":"<p>\u00a0 \u00a0 \u00a0\u00a0\u00a0 \u00a0 \u00a0\u00a0 2. \u00bfPiensa que hay solamente un tipo de relaci\u00f3n entre cosas reales, sus im\u00e1genes y lenguaje? palabras e im\u00e1genes? \u00bfQu\u00e9 es? \u00bfEs que alguna de las obras lo expresa? \u00bfPiensa que el arte es el mejor modo de representar est\u00e1 relaci\u00f3n? \u00bfPiensa que el arte es el mejor m\u00e9todo de [&hellip;]<\/p>\n","protected":false},"author":264,"featured_media":0,"parent":0,"menu_order":0,"comment_status":"closed","ping_status":"closed","template":"","meta":{"_monsterinsights_skip_tracking":false,"footnotes":""},"class_list":["post-784","page","type-page","status-publish","hentry"],"_links":{"self":[{"href":"https:\/\/commons.mtholyoke.edu\/philosophyatthemuseumspanish\/wp-json\/wp\/v2\/pages\/784","targetHints":{"allow":["GET"]}}],"collection":[{"href":"https:\/\/commons.mtholyoke.edu\/philosophyatthemuseumspanish\/wp-json\/wp\/v2\/pages"}],"about":[{"href":"https:\/\/commons.mtholyoke.edu\/philosophyatthemuseumspanish\/wp-json\/wp\/v2\/types\/page"}],"author":[{"embeddable":true,"href":"https:\/\/commons.mtholyoke.edu\/philosophyatthemuseumspanish\/wp-json\/wp\/v2\/users\/264"}],"replies":[{"embeddable":true,"href":"https:\/\/commons.mtholyoke.edu\/philosophyatthemuseumspanish\/wp-json\/wp\/v2\/comments?post=784"}],"version-history":[{"count":4,"href":"https:\/\/commons.mtholyoke.edu\/philosophyatthemuseumspanish\/wp-json\/wp\/v2\/pages\/784\/revisions"}],"predecessor-version":[{"id":1606,"href":"https:\/\/commons.mtholyoke.edu\/philosophyatthemuseumspanish\/wp-json\/wp\/v2\/pages\/784\/revisions\/1606"}],"wp:attachment":[{"href":"https:\/\/commons.mtholyoke.edu\/philosophyatthemuseumspanish\/wp-json\/wp\/v2\/media?parent=784"}],"curies":[{"name":"wp","href":"https:\/\/api.w.org\/{rel}","templated":true}]}}